{"id":3716,"date":"2016-03-08T09:01:59","date_gmt":"2016-03-08T08:01:59","guid":{"rendered":"http:\/\/www.itkommando.hu\/site\/?page_id=3716"},"modified":"2021-07-14T19:00:36","modified_gmt":"2021-07-14T18:00:36","slug":"tablazatkezeles-alapjai-3-2","status":"publish","type":"page","link":"https:\/\/www.itkommando.hu\/site\/leirasok\/tablazatkezeles-alapjai-3-2\/","title":{"rendered":"A t\u00e1bl\u00e1zatkezel\u00e9s alapjai 4 (felt\u00e9teles form\u00e1z\u00e1s)"},"content":{"rendered":"<p>Az el\u0151z\u0151 r\u00e9szben\u00a0\u00e1ttekintett\u00fck a <a href=\"http:\/\/www.itkommando.hu\/site\/a-tablazatkezeles-alapjai-3\/\">form\u00e1z\u00e1s alapjait<\/a>. Egy t\u00e1bl\u00e1zatkezel\u0151 eset\u00e9ben term\u00e9szetesen nem lenne teljes \u00e9rt\u00e9k\u0171, ha nem rendelhetn\u00e9nk a k\u00fcl\u00f6nb\u00f6z\u0151 \u00e9rt\u00e9kekhez elt\u00e9r\u0151 form\u00e1z\u00e1sokat. Ez azt jelenti, hogy a t\u00e1bl\u00e1zatban a form\u00e1z\u00e1s (a gyakorlatban a leggyakrabban a bet\u0171sz\u00edn vagy a h\u00e1tt\u00e9rsz\u00edn) automatikusan, el\u0151re meghat\u00e1rozott szab\u00e1lyok szerint, a cell\u00e1ban szerepl\u0151 \u00e9rt\u00e9k szerint v\u00e1ltozik (ez akkor is igaz, ha az \u00e9rt\u00e9ket valamilyen sz\u00e1m\u00edt\u00e1ssal \u00e1ll\u00edtjuk el\u0151).<\/p>\n<p>Ez\u00fattal az elt\u00e9r\u0151 form\u00e1z\u00e1sra vonatkoz\u00f3 strat\u00e9gi\u00e1k miatt a <a href=\"https:\/\/hu.libreoffice.org\/\">LibreOffice<\/a> Calc \u00e9s az Excel eset\u00e9n a szolg\u00e1ltat\u00e1s haszn\u00e1lata kism\u00e9rt\u00e9kben elt\u00e9r.<\/p>\n<h3>Felt\u00e9teles form\u00e1z\u00e1s LibreOffice Calc-ban<\/h3>\n<p>A LibreOffice\/OpenOffice st\u00edkusikra vonatkoz\u00f3 strat\u00e9gi\u00e1j\u00e1b\u00f3l kiindulva a felt\u00e9teles form\u00e1z\u00e1shoz haszn\u00e1lt st\u00edlusokat \u00e1ll\u00edtjuk be.<\/p>\n<figure id=\"attachment_3719\" aria-describedby=\"caption-attachment-3719\" style=\"width: 150px\" class=\"wp-caption alignright\"><a href=\"http:\/\/www.itkommando.hu\/site\/wp-content\/uploads\/uj_stilus.png\" rel=\"attachment wp-att-3719\"><img loading=\"lazy\" decoding=\"async\" class=\"size-thumbnail wp-image-3719\" src=\"http:\/\/www.itkommando.hu\/site\/wp-content\/uploads\/uj_stilus-150x150.png\" alt=\"Calc \u00faj st\u00edlus\" width=\"150\" height=\"150\" \/><\/a><figcaption id=\"caption-attachment-3719\" class=\"wp-caption-text\">A LibreOffice Calc \u00faj st\u00edlus p\u00e1rbesz\u00e9dablaka<\/figcaption><\/figure>\n<p>A <code>Form\u00e1tum\/St\u00edlusok \u00e9s form\u00e1z\u00e1s<\/code> men\u00fcpontban tudjuk be\u00e1ll\u00edtani a cell\u00e1k kin\u00e9zet\u00e9t. A p\u00e9ld\u00e1nk kedv\u00e9\u00e9rt most 3 st\u00edlust fogunk be\u00e1ll\u00edtani a <code>z\u00f6ld<\/code> <code>s\u00e1rga<\/code> \u00e9s <code>piros<\/code> nev\u0171eket. A p\u00e9ldat\u00e1bl\u00e1zatban a t\u00e1bl\u00e1zat h\u00e1tt\u00e9rsz\u00edneket \u00e1ll\u00edtjuk, de b\u00e1rmely st\u00edluselemet m\u00f3dos\u00edthatjuk (bet\u0171t\u00edpus, \u00edr\u00e1sk\u00e9p, bet\u0171sz\u00edn&#8230;).<\/p>\n<p>A <code>Form\u00e1tum\/St\u00edlusok \u00e9s form\u00e1z\u00e1s<\/code> ablak egy szabad fel\u00fclet\u00e9re jobb gombbal kattintva v\u00e1lasszuk az <code>\u00daj<\/code> men\u00fcpontot.<\/p>\n<p>A <code>N\u00e9v<\/code> sorban a <code>N\u00e9vtelen 1<\/code> \u00e9rt\u00e9ket jav\u00edtsuk ki p\u00e9ld\u00e1ul <code>z\u00f6ld<\/code>re. A h\u00e1tt\u00e9r f\u00fcl\u00f6n pedig v\u00e1lasszunk ki egy szimpatikus z\u00f6ld h\u00e1tt\u00e9rsz\u00ednt. Term\u00e9szetesen b\u00e1rmely st\u00edluselemet m\u00f3dos\u00edthatjuk, a p\u00e9ld\u00e1ban azonban csak egy jellemz\u0151t v\u00e1ltoztatunk meg.<\/p>\n<figure id=\"attachment_3732\" aria-describedby=\"caption-attachment-3732\" style=\"width: 150px\" class=\"wp-caption alignleft\"><a href=\"http:\/\/www.itkommando.hu\/site\/wp-content\/uploads\/felt\u00e9teles_formazas_kisebb_0-.png\" rel=\"attachment wp-att-3732\"><img loading=\"lazy\" decoding=\"async\" class=\"size-thumbnail wp-image-3732\" src=\"http:\/\/www.itkommando.hu\/site\/wp-content\/uploads\/felt\u00e9teles_formazas_kisebb_0--150x150.png\" alt=\"Felt\u00e9teles form\u00e1z\u00e1s kisebb, mint nulla\" width=\"150\" height=\"150\" \/><\/a><figcaption id=\"caption-attachment-3732\" class=\"wp-caption-text\">Ha k\u00e9sz vannak a st\u00edlusok els\u0151re a kisebb, mint nulla szab\u00e1lyt hozzuk l\u00e9tre, ezzel biztos\u00edtjuk, hogy az &#8222;\u00e1tlag alatt&#8221; szab\u00e1ly el\u0151tt hajt\u00f3djon v\u00e9gre<\/figcaption><\/figure>\n<p>Hozzunk m\u00e9g l\u00e9tre k\u00e9t st\u00edlust a k\u00e9t tov\u00e1bbi sz\u00ednnel (piros \u00e9s s\u00e1rga n\u00e9ven fogjuk haszn\u00e1lni).<\/p>\n<p>Egy oszlopot felt\u00f6lt\u00f6ttem v\u00e9letlenszer\u0171 adatokkal a k\u00f6vetkez\u0151 f\u00fcggv\u00e9ny seg\u00edts\u00e9g\u00e9vel:<code>=V\u00c9L()*100-20<\/code><br \/>\nAhol a <code>v\u00e9l()<\/code> f\u00fcggv\u00e9ny \u00e9s 1 k\u00f6z\u00f6tti v\u00e9letlen sz\u00e1mokat \u00e1ll\u00edt el\u0151 (ez a f\u00fcggv\u00e9nyn\u00e9v egy \u00e9rdekes magyaros\u00edt\u00e1si pr\u00f3b\u00e1lkoz\u00e1s).<\/p>\n<p>Ha felt\u00e9telezz\u00fck, hogy a cell\u00e1ban tal\u00e1lhat\u00f3 \u00e9rt\u00e9kek egy v\u00e1llalkoz\u00e1s adott id\u0151szakra \u00e9rv\u00e9nyes eredm\u00e9ny\u00e9t jelzik.<\/p>\n<ul>\n<li>Az \u00e1tlag feletti \u00e9rt\u00e9keket jel\u00f6lj\u00fck z\u00f6lddel<\/li>\n<li>Az \u00e1tlag alattit s\u00e1rg\u00e1val<\/li>\n<li>A negat\u00edv \u00e9rt\u00e9keket pedig pirossal<\/li>\n<\/ul>\n<p>Jel\u00f6lj\u00fck ki a form\u00e1zand\u00f3 tartom\u00e1nyt.<\/p>\n<p>A <code>Form\u00e1z\u00e1s\/Felt\u00e9teles form\u00e1z\u00e1s\/Felt\u00e9tel...<\/code> men\u00fcpontban tudjuk a felt\u00e9teleket \u00e9s a st\u00edlusokat \u00f6sszerendelni.<\/p>\n<figure id=\"attachment_3731\" aria-describedby=\"caption-attachment-3731\" style=\"width: 150px\" class=\"wp-caption alignright\"><a href=\"http:\/\/www.itkommando.hu\/site\/wp-content\/uploads\/Felteteles_formazas_atlag_folott.png\" rel=\"attachment wp-att-3731\"><img loading=\"lazy\" decoding=\"async\" class=\"size-thumbnail wp-image-3731\" src=\"http:\/\/www.itkommando.hu\/site\/wp-content\/uploads\/Felteteles_formazas_atlag_folott-150x150.png\" alt=\"Felt\u00e9teles form\u00e1z\u00e1s \u00c1tlag f\u00f6l\u00f6tt\" width=\"150\" height=\"150\" \/><\/a><figcaption id=\"caption-attachment-3731\" class=\"wp-caption-text\">Az \u00e1tlag f\u00f6l\u00f6tt szab\u00e1lyt a m\u00e1r megismert m\u00f3don hozhatjuk l\u00e9tre<\/figcaption><\/figure>\n<p>Egy cellatartom\u00e1nyhoz t\u00f6bb szab\u00e1lyt lehet l\u00e9trehozni. A rendszer a l\u00e9trehoz\u00e1s sorrendj\u00e9ben megy v\u00e9gig a szab\u00e1lyokon \u00e9s az els\u0151 olyan szab\u00e1lyn\u00e1l abbahagyja a feldolgoz\u00e1st, amely az adott cell\u00e1ra igaz. Ez lehet\u0151v\u00e9 teszi azt, hogy egym\u00e1st \u00e1tfed\u0151 tartom\u00e1nyokat adjunk meg, \u00e9s a szab\u00e1lyok sorrendj\u00e9vel szab\u00e1lyozhatjuk, hogy mikor, melyik szab\u00e1ly legyen \u00e9rv\u00e9nyes. Ha ez t\u00fal komplik\u00e1ltnak t\u0171nik, a p\u00e9lda ut\u00e1n biztosan nem lesz az.<\/p>\n<p>Hozzuk l\u00e9tre az els\u0151 szab\u00e1lyt:<br \/>\nA felt\u00e9telt a leg\u00f6rd\u00fcl\u0151k seg\u00edts\u00e9g\u00e9v\u00e9l \u00e1ll\u00edthatjuk \u00f6ssze:<br \/>\n<code> &lt; cella \u00e9rt\u00e9ke&gt; &lt; vagy egyenl\u0151&gt; 0<\/code><br \/>\nEzzel a 0 \u00e9s negat\u00edv \u00e9rt\u00e9k\u0171 cell\u00e1kat jel\u00f6lt\u00fck meg. Az alkalmazand\u00f3 st\u00edlusnak v\u00e1lasszuk a pirosat.<\/p>\n<p>A z\u00f6ld st\u00edlus be\u00e1ll\u00edt\u00e1s\u00e1r\u00f3l m\u00e1r csak egy k\u00e9perny\u0151k\u00e9pet teszek ki..<\/p>\n<p>Az <code>\u00e1tlag alatt<\/code> felt\u00e9tel azt jelenti, hogy a kijel\u00f6lt cell\u00e1k \u00e1tlag\u00e1hoz hasonl\u00edtja az adott cella \u00e9rt\u00e9k\u00e9t, aszerint \u00e1ll\u00edtja a st\u00edlust.<\/p>\n<figure id=\"attachment_3730\" aria-describedby=\"caption-attachment-3730\" style=\"width: 150px\" class=\"wp-caption alignright\"><a href=\"http:\/\/www.itkommando.hu\/site\/wp-content\/uploads\/Felteteles_formazas_eredm.png\" rel=\"attachment wp-att-3730\"><img loading=\"lazy\" decoding=\"async\" class=\"size-thumbnail wp-image-3730\" src=\"http:\/\/www.itkommando.hu\/site\/wp-content\/uploads\/Felteteles_formazas_eredm-150x150.png\" alt=\"A k\u00e9sz t\u00e1bl\u00e1zat\" width=\"150\" height=\"150\" \/><\/a><figcaption id=\"caption-attachment-3730\" class=\"wp-caption-text\">A megbesz\u00e9lt szab\u00e1lyokkal \u00edgy n\u00e9z ki a t\u00e1bl\u00e1zat<\/figcaption><\/figure>\n<p>K\u00e9rd\u00e9s: Mi lesz az eredm\u00e9ny, ha a s\u00e1rga st\u00edlushoz az &#8222;\u00e1tlag alatt&#8221; vagy az &#8222;\u00e1tlag alatt vagy azzal egyenl\u0151&#8221; szab\u00e1lyt \u00e1ll\u00edtjuk be. (A megold\u00e1sokat Facebook komplimentekben v\u00e1rom.)<\/p>\n<p>A le\u00edrt m\u00f3don egy igen sz\u00ednes \u00e9s szuggeszt\u00edv t\u00e1bl\u00e1zatot kaptunk. Az els\u0151 r\u00e1n\u00e9z\u00e9sre azonban nyilv\u00e1nval\u00f3, hogy a s\u00e1rga s\u00edn megv\u00e1laszt\u00e1sa nem volt szerencs\u00e9s. Pr\u00f3b\u00e1ljunk a <code>St\u00edlusok \u00e9s form\u00e1z\u00e1s <\/code> men\u0171pontban &#8222;s\u00e1rga&#8221; st\u00edlusnak egy m\u00e1sik sz\u00ednt v\u00e1lasztani. L\u00e1tni fogjuk, hogy egy helyen m\u00f3dos\u00edtva a sz\u00ednt, mindenhol, ahol az adott st\u00edlust haszn\u00e1ltuk, a sz\u00edn meg fog v\u00e1ltozni.<\/p>\n<p>A Microsoft Office Excel felt\u00e9teles form\u00e1z\u00e1si lehet\u0151s\u00e9geit a k\u00f6vetkez\u0151 r\u00e9szben ismertetem.<\/p>\n<h2>Kapcsol\u00f3d\u00f3 cikkek<\/h2>\n<ul>\n<li class=\"first-child\"><a href=\"http:\/\/www.itkommando.hu\/site\/leirasok\/a-szovegszerkesztes-alapjai-1\/\">A sz\u00f6vegszerkeszt\u00e9s alapjai 1<\/a><\/li>\n<li class=\"last-child\"><a href=\"http:\/\/www.itkommando.hu\/site\/leirasok\/a-szovegszerkesztes-alapjai-2\/\">A sz\u00f6vegszerkeszt\u00e9s alapjai 2<\/a><\/li>\n<li class=\"last-child\"><a href=\"http:\/\/www.itkommando.hu\/site\/leirasok\/az-office-programcsomagok\/a-tablazatkezeles-alapjai\/\">A t\u00e1bl\u00e1zatkezel\u00e9s alapjai<\/a><\/li>\n<li class=\"last-child\"><a href=\"http:\/\/www.itkommando.hu\/site\/a-tablazatkezeles-alapjai-3\/\">A t\u00e1bl\u00e1zatkezel\u00e9s alapjai 3<\/a><\/li>\n<\/ul>\n","protected":false},"excerpt":{"rendered":"<p>Az el\u0151z\u0151 r\u00e9szben\u00a0\u00e1ttekintett\u00fck a form\u00e1z\u00e1s alapjait. Egy t\u00e1bl\u00e1zatkezel\u0151 eset\u00e9ben term\u00e9szetesen nem lenne teljes \u00e9rt\u00e9k\u0171, ha nem rendelhetn\u00e9nk a k\u00fcl\u00f6nb\u00f6z\u0151 \u00e9rt\u00e9kekhez elt\u00e9r\u0151 form\u00e1z\u00e1sokat. Ez azt jelenti, hogy a t\u00e1bl\u00e1zatban a form\u00e1z\u00e1s&hellip;<a href=\"https:\/\/www.itkommando.hu\/site\/leirasok\/tablazatkezeles-alapjai-3-2\/\" class=\"more-link\"><span class=\"more-button\">Tov\u00e1bb a r\u00e9szletekre<span class=\"screen-reader-text\">A t\u00e1bl\u00e1zatkezel\u00e9s alapjai 4 (felt\u00e9teles form\u00e1z\u00e1s)<\/span><\/span><\/a><\/p>\n","protected":false},"author":1,"featured_media":3730,"parent":2921,"menu_order":0,"comment_status":"closed","ping_status":"closed","template":"","meta":{"footnotes":""},"categories":[11,82,13,16],"tags":[],"class_list":["post-3716","page","type-page","status-publish","has-post-thumbnail","hentry","category-munkaallomas","category-office-tanacsok","category-szoftver","category-tanacsok"],"aioseo_notices":[],"_links":{"self":[{"href":"https:\/\/www.itkommando.hu\/site\/wp-json\/wp\/v2\/pages\/3716","targetHints":{"allow":["GET"]}}],"collection":[{"href":"https:\/\/www.itkommando.hu\/site\/wp-json\/wp\/v2\/pages"}],"about":[{"href":"https:\/\/www.itkommando.hu\/site\/wp-json\/wp\/v2\/types\/page"}],"author":[{"embeddable":true,"href":"https:\/\/www.itkommando.hu\/site\/wp-json\/wp\/v2\/users\/1"}],"replies":[{"embeddable":true,"href":"https:\/\/www.itkommando.hu\/site\/wp-json\/wp\/v2\/comments?post=3716"}],"version-history":[{"count":18,"href":"https:\/\/www.itkommando.hu\/site\/wp-json\/wp\/v2\/pages\/3716\/revisions"}],"predecessor-version":[{"id":5527,"href":"https:\/\/www.itkommando.hu\/site\/wp-json\/wp\/v2\/pages\/3716\/revisions\/5527"}],"up":[{"embeddable":true,"href":"https:\/\/www.itkommando.hu\/site\/wp-json\/wp\/v2\/pages\/2921"}],"wp:featuredmedia":[{"embeddable":true,"href":"https:\/\/www.itkommando.hu\/site\/wp-json\/wp\/v2\/media\/3730"}],"wp:attachment":[{"href":"https:\/\/www.itkommando.hu\/site\/wp-json\/wp\/v2\/media?parent=3716"}],"wp:term":[{"taxonomy":"category","embeddable":true,"href":"https:\/\/www.itkommando.hu\/site\/wp-json\/wp\/v2\/categories?post=3716"},{"taxonomy":"post_tag","embeddable":true,"href":"https:\/\/www.itkommando.hu\/site\/wp-json\/wp\/v2\/tags?post=3716"}],"curies":[{"name":"wp","href":"https:\/\/api.w.org\/{rel}","templated":true}]}}