{"id":3830,"date":"2016-06-30T09:40:20","date_gmt":"2016-06-30T08:40:20","guid":{"rendered":"http:\/\/www.itkommando.hu\/site\/?page_id=3830"},"modified":"2021-07-15T08:40:44","modified_gmt":"2021-07-15T07:40:44","slug":"e-per-1-resz","status":"publish","type":"page","link":"https:\/\/www.itkommando.hu\/site\/leirasok\/e-per-1-resz\/","title":{"rendered":"E-per 1. r\u00e9sz"},"content":{"rendered":"<p>Az \u00fcgyv\u00e9di szakma is fejl\u0151dik. A perrel kapcsolatos iratokat kiz\u00e1r\u00f3lag elektronikus \u00faton lehet beny\u00fajtani.<\/p>\n<figure id=\"attachment_5199\" aria-describedby=\"caption-attachment-5199\" style=\"width: 300px\" class=\"wp-caption alignright\"><a href=\"https:\/\/www.itkommando.hu\/site\/wp-content\/uploads\/nyomtatvanyok.png\"><img loading=\"lazy\" decoding=\"async\" class=\"wp-image-5199 size-medium\" src=\"https:\/\/www.itkommando.hu\/site\/wp-content\/uploads\/nyomtatvanyok-300x146.png\" alt=\"\" width=\"300\" height=\"146\" srcset=\"https:\/\/www.itkommando.hu\/site\/wp-content\/uploads\/nyomtatvanyok-300x146.png 300w, https:\/\/www.itkommando.hu\/site\/wp-content\/uploads\/nyomtatvanyok-768x373.png 768w, https:\/\/www.itkommando.hu\/site\/wp-content\/uploads\/nyomtatvanyok-600x292.png 600w, https:\/\/www.itkommando.hu\/site\/wp-content\/uploads\/nyomtatvanyok-400x195.png 400w, https:\/\/www.itkommando.hu\/site\/wp-content\/uploads\/nyomtatvanyok.png 800w\" sizes=\"auto, (max-width: 300px) 100vw, 300px\" \/><\/a><figcaption id=\"caption-attachment-5199\" class=\"wp-caption-text\">E-per nyomtatv\u00e1nyok f\u0151men\u00fc<\/figcaption><\/figure>\n<p>A rendszer k\u00f6zponti eleme az <a href=\"https:\/\/www.nav.gov.hu\/nav\/letoltesek\/nyomtatvanykitolto_programok\/nyomtatvany_apeh\/keretprogramok\/abevjava_install.html\" target=\"_blank\" rel=\"noopener\">\u00c1NYK<\/a> nyomtatv\u00e1nykit\u00f6lt\u0151 program, ami eredetileg az APEH majd NAV nyomtatv\u00e1nyok kit\u00f6lt\u00e9s\u00e9re k\u00e9sz\u00fclt.<\/p>\n<p>A program telep\u00edt\u00e9se ut\u00e1n a nyomtatv\u00e1nyokat k\u00fcl\u00f6n kell telep\u00edteni. Ez nem kitol\u00e1sb\u00f3l van \u00edgy, hanem az\u00e9rt, mert rengeteg nyomtatv\u00e1ny van, ha mind telep\u00edtve lenne, nagyon nehezen lehetne megtal\u00e1lni azt, amelyikre sz\u00fcks\u00e9g van. Mivel az \u00c1NYK eredetileg NAV nyomtatv\u00e1nyokhoz lett megalkotva, majd egyre t\u00f6bb szakma ig\u00e9nyeit igyekszik kiel\u00e9g\u00edteni, a nyomtatv\u00e1nyok sz\u00e1ma a t\u00f6bb sz\u00e1zas nagys\u00e1grendbe esik.<\/p>\n<p>A nyomtatv\u00e1nyok a <a href=\"http:\/\/birosag.hu\/\">b\u00edrosag.hu<\/a> oldalon az\u00a0<a href=\"http:\/\/birosag.hu\/ugyfelkapcsolati-portal\/formanyomtatvanyok\">E-B\u00cdR\u00d3S\u00c1G NYOMTATV\u00c1NYOK<\/a> nem\u00fcpontban tal\u00e1lhat\u00f3ak.<a href=\"https:\/\/www.itkommando.hu\/site\/wp-content\/uploads\/obh_nyomtatvany_lista.png\"><img loading=\"lazy\" decoding=\"async\" class=\"alignright wp-image-5200 size-medium\" src=\"https:\/\/www.itkommando.hu\/site\/wp-content\/uploads\/obh_nyomtatvany_lista-300x122.png\" alt=\"OBH nyomtatv\u00e1ny lista\" width=\"300\" height=\"122\" srcset=\"https:\/\/www.itkommando.hu\/site\/wp-content\/uploads\/obh_nyomtatvany_lista-300x122.png 300w, https:\/\/www.itkommando.hu\/site\/wp-content\/uploads\/obh_nyomtatvany_lista-768x312.png 768w, https:\/\/www.itkommando.hu\/site\/wp-content\/uploads\/obh_nyomtatvany_lista-600x244.png 600w, https:\/\/www.itkommando.hu\/site\/wp-content\/uploads\/obh_nyomtatvany_lista-400x163.png 400w, https:\/\/www.itkommando.hu\/site\/wp-content\/uploads\/obh_nyomtatvany_lista.png 800w\" sizes=\"auto, (max-width: 300px) 100vw, 300px\" \/><\/a><\/p>\n<ul>\n<li>Az 1. oszlopban a nyomtatv\u00e1ny jel\u00f6l\u00e9se van (aki tudja, mi benne a logika, k\u00e9rem ossza meg vel\u00fcnk)<\/li>\n<li>A 2. oszlop a nyomtatv\u00e1ny c\u00edme (ezt c\u00e9lszer\u0171 fel\u00edrni).<\/li>\n<li>A 3. oszlop a nyomtatv\u00e1ny let\u00f6lt\u00e9se.<\/li>\n<li>A 4. oszlop a kit\u00f6lt\u00e9si \u00fatmutat\u00f3. Ez az \u00c1NYK-ba be\u00e9p\u00fcl\u0151 s\u00fag\u00f3 F1-el lehet el\u00e9rni a nyomtatv\u00e1ny kit\u00f6lt\u00e9se k\u00f6zben.<\/li>\n<li>Az 5. oszlop a nyomtatv\u00e1nyra vonatkoz\u00f3 r\u00f6vid (n\u00e9h\u00e1ny oldalas) le\u00edr\u00e1s.\n<p><figure id=\"attachment_3834\" aria-describedby=\"caption-attachment-3834\" style=\"width: 150px\" class=\"wp-caption alignright\"><a href=\"http:\/\/www.itkommando.hu\/site\/wp-content\/uploads\/nyomtatvany_nev.png\"><img loading=\"lazy\" decoding=\"async\" class=\"size-thumbnail wp-image-3834\" src=\"http:\/\/www.itkommando.hu\/site\/wp-content\/uploads\/nyomtatvany_nev-150x114.png\" alt=\"A nyomtatv\u00e1ny neve az \u00c1NYK-ban meg fog egyezni a let\u00f6lt\u00e9si ablakban tal\u00e1lhat\u00f3 n\u00e9vvel (a kijel\u00f6lt r\u00e9sszel)\" width=\"150\" height=\"114\" \/><\/a><figcaption id=\"caption-attachment-3834\" class=\"wp-caption-text\">A nyomtatv\u00e1ny neve az \u00c1NYK-ban meg fog egyezni a let\u00f6lt\u00e9si ablakban tal\u00e1lhat\u00f3 n\u00e9vvel (a kijel\u00f6lt r\u00e9sszel)<\/figcaption><\/figure><\/li>\n<\/ul>\n<p>Az oszlopok sz\u00e9less\u00e9ge p\u00e9ld\u00e1ul az Exceln\u00e9l megszokott m\u00f3don \u00e1ll\u00edthat\u00f3. Ezzel egy-egy cella teljes tartalm\u00e1t meg tudjuk tekinteni.<\/p>\n<p>A <code>Formanyomtatv\u00e1ny<\/code> oszlopban a <code>Let\u00f6lt\u00e9s<\/code> sz\u00f6vegre kattintva a nyomtatv\u00e1nyt let\u00f6ltj\u00fck. Ugyan\u00edgy j\u00e1runk el a <code>kit\u00f6lt\u00e9si \u00fatmutat\u00f3<\/code>val \u00e9s az <code>\u00dcgyf\u00e9lt\u00e1j\u00e9koztat\u00f3<\/code>val is.<\/p>\n<p>A nyomtatv\u00e1ny \u00e9s a kit\u00f6lt\u00e9si \u00fatmutat\u00f3 \u201ejar&#8221; form\u00e1tum\u00fa, ami nek\u00fcnk azt jelenti, hogy be\u00e9p\u00fcl a programba. Ehhez kattintsunk r\u00e1 k\u00e9tszer (ind\u00edtsuk el, mint egy programot), a \u201etov\u00e1bb,tov\u00e1bb m\u00f3dszerrel&#8221; telep\u00edts\u00fck fel<\/p>\n<p>Az adott nyomtatv\u00e1ny kit\u00f6lt\u00e9se ut\u00e1n az F1 billenty\u0171t megnyomva t\u00e1j\u00e9koztat\u00e1st kapunk arr\u00f3l, hogyan kell az adott nyomtatv\u00e1nyt kit\u00f6lteni.<\/p>\n<p><del><a href=\"http:\/\/www.itkommando.hu\/site\/wp-content\/uploads\/ANYK_Uj_nyomtatvany.png\"><img loading=\"lazy\" decoding=\"async\" class=\"alignright size-thumbnail wp-image-3837\" src=\"http:\/\/www.itkommando.hu\/site\/wp-content\/uploads\/ANYK_Uj_nyomtatvany-150x150.png\" alt=\"ANYK_Uj_nyomtatvany\" width=\"150\" height=\"150\" \/><\/a><\/del>A birosag.hu oldalon rengeteg nyomtatv\u00e1ny tal\u00e1lhat\u00f3. Csak azokat \u00e9rdemes let\u00f6lteni, amit aktu\u00e1lisan haszn\u00e1lni szeretn\u00e9nk.<\/p>\n<p>\u00daj nyomtatv\u00e1ny kit\u00f6lt\u00e9s\u00e9t kezdeni az <code>Adatok\/\u00daj nyomtatv\u00e1ny<\/code> men\u00fcben lehet. Itt megjelennek a m\u00e1r feltelep\u00edtett nyomtatv\u00e1nyok. A k\u00e9pen j\u00f3l l\u00e1tszik, hogy egyes nyomtatv\u00e1nyok eset\u00e9n az <code>inform\u00e1ci\u00f3<\/code> oszlop ki van t\u00f6ltve, m\u00e1sokn\u00e1l nincsen. Sajnos ezt az oszlopot is a nyomtatv\u00e1ny kibocs\u00e1jt\u00f3j\u00e1nak a feladata kit\u00f6lteni. Ha nincs kit\u00f6ltve, nincs m\u00e1s lehet\u0151s\u00e9g\u00fcnk, mint egy pap\u00edrra vagy (ha m\u00e1r informatikai rendszerr\u0151l van sz\u00f3) egy dokumentumban fel\u00edrjuk.<\/p>\n<p>Most v\u00e1lasszuk ki az OBHGEPI_P02 jel\u0171 nyomtatv\u00e1nyt (egy kattint\u00e1s).<\/p>\n<p>A p\u00e1rbesz\u00e9dpanel alj\u00e1n megjelenik egy <code>T\u00f6rzsadat v\u00e1laszt\u00e1s<\/code> c\u00edm\u0171 r\u00e9sz, ahol kiv\u00e1laszthatjuk az <code>\u00dcgyf\u00e9l<\/code> \u00e1s a <code>Jogi k\u00e9pvisel\u0151<\/code> adatait<\/p>\n<p>Ha ezeket a t\u00f6rzsadatokat felt\u00f6ltj\u00fck, a program a kez\u00fcnk al\u00e1 dolgozik a nyomtatv\u00e1ny kit\u00f6lt\u00e9se k\u00f6zben.<\/p>\n<p>A k\u00f6vetkez\u0151 r\u00e9sz a <a title=\"T\u00f6rzsadatok az \u00c1NYK-ban (E-per sorozat)\" href=\"https:\/\/www.itkommando.hu\/site\/leirasok\/e-per-1-resz\/torzsadatok-az-anyk-ban-e-per-sorozat\/\">t\u00f6rzsadatok felt\u00f6lt\u00e9s\u00e9r\u0151l<\/a> fog sz\u00f3lni.<\/p>\n","protected":false},"excerpt":{"rendered":"<p>Az \u00fcgyv\u00e9di szakma is fejl\u0151dik. A perrel kapcsolatos iratokat kiz\u00e1r\u00f3lag elektronikus \u00faton lehet beny\u00fajtani. A rendszer k\u00f6zponti eleme az \u00c1NYK nyomtatv\u00e1nykit\u00f6lt\u0151 program, ami eredetileg az APEH majd NAV nyomtatv\u00e1nyok kit\u00f6lt\u00e9s\u00e9re&hellip;<a href=\"https:\/\/www.itkommando.hu\/site\/leirasok\/e-per-1-resz\/\" class=\"more-link\"><span class=\"more-button\">Tov\u00e1bb a r\u00e9szletekre<span class=\"screen-reader-text\">E-per 1. r\u00e9sz<\/span><\/span><\/a><\/p>\n","protected":false},"author":1,"featured_media":3840,"parent":2921,"menu_order":0,"comment_status":"closed","ping_status":"closed","template":"","meta":{"footnotes":""},"categories":[87,16],"tags":[],"class_list":["post-3830","page","type-page","status-publish","has-post-thumbnail","hentry","category-e-per","category-tanacsok"],"aioseo_notices":[],"_links":{"self":[{"href":"https:\/\/www.itkommando.hu\/site\/wp-json\/wp\/v2\/pages\/3830","targetHints":{"allow":["GET"]}}],"collection":[{"href":"https:\/\/www.itkommando.hu\/site\/wp-json\/wp\/v2\/pages"}],"about":[{"href":"https:\/\/www.itkommando.hu\/site\/wp-json\/wp\/v2\/types\/page"}],"author":[{"embeddable":true,"href":"https:\/\/www.itkommando.hu\/site\/wp-json\/wp\/v2\/users\/1"}],"replies":[{"embeddable":true,"href":"https:\/\/www.itkommando.hu\/site\/wp-json\/wp\/v2\/comments?post=3830"}],"version-history":[{"count":8,"href":"https:\/\/www.itkommando.hu\/site\/wp-json\/wp\/v2\/pages\/3830\/revisions"}],"predecessor-version":[{"id":5545,"href":"https:\/\/www.itkommando.hu\/site\/wp-json\/wp\/v2\/pages\/3830\/revisions\/5545"}],"up":[{"embeddable":true,"href":"https:\/\/www.itkommando.hu\/site\/wp-json\/wp\/v2\/pages\/2921"}],"wp:featuredmedia":[{"embeddable":true,"href":"https:\/\/www.itkommando.hu\/site\/wp-json\/wp\/v2\/media\/3840"}],"wp:attachment":[{"href":"https:\/\/www.itkommando.hu\/site\/wp-json\/wp\/v2\/media?parent=3830"}],"wp:term":[{"taxonomy":"category","embeddable":true,"href":"https:\/\/www.itkommando.hu\/site\/wp-json\/wp\/v2\/categories?post=3830"},{"taxonomy":"post_tag","embeddable":true,"href":"https:\/\/www.itkommando.hu\/site\/wp-json\/wp\/v2\/tags?post=3830"}],"curies":[{"name":"wp","href":"https:\/\/api.w.org\/{rel}","templated":true}]}}