{"id":3929,"date":"2016-11-17T21:46:48","date_gmt":"2016-11-17T20:46:48","guid":{"rendered":"http:\/\/www.itkommando.hu\/site\/?page_id=3929"},"modified":"2021-07-13T09:14:04","modified_gmt":"2021-07-13T08:14:04","slug":"a-facebookon-megosztott-tartalmak","status":"publish","type":"page","link":"https:\/\/www.itkommando.hu\/site\/a-facebookon-megosztott-tartalmak\/","title":{"rendered":"A Facebookon megosztott tartalmak"},"content":{"rendered":"<p>A Facebook szinte teljesen \u00e1tvette a bolt el\u0151tti, a posta bej\u00e1rata melletti inform\u00e1ci\u00f3cser\u00e9k hely\u00e9t. Egyre gyakrabban tal\u00e1lunk rajta fontos inform\u00e1ci\u00f3kat is.<\/p>\n<p>Na ezt az utols\u00f3 \u00e1ll\u00edt\u00e1st vizsg\u00e1ljuk meg ism\u00e9t:<\/p>\n<p>A Facebookon a megosztott inform\u00e1ci\u00f3k frissess\u00e9ge gyakorlatilag csak \u00fagy ellen\u0151rizhet, hogy az ember visszak\u00f6veti a megoszt\u00e1sokat az els\u0151 k\u00f6zz\u00e9tev\u0151ig.<\/p>\n<p>K\u00e9t konkr\u00e9t eset: <a href=\"http:\/\/allatportal.hu\/allatvedelem\/agyonlotte-es-megcsonkitotta-a-nemetjuhaszt-es-a-pulit-a-vadasz-fotok-18\/768\/\">Ezt a h\u00edrt<\/a> (csak feln\u0151tteknek) egy \u00e1llatv\u00e9d\u0151 oldal 2016-ban friss inform\u00e1ci\u00f3k\u00e9nt osztotta meg, pedig a cikk fejl\u00e9c\u00e9b\u0151l kider\u00fcl, hogy t\u00f6bb \u00e9ves. Ez ebben az esetben nem k\u00fcl\u00f6n\u00f6sebben probl\u00e9m\u00e1s, mivel egy rendszeresen visszat\u00e9r\u0151 probl\u00e9m\u00e1t feszeget.<\/p>\n<figure id=\"attachment_3930\" aria-describedby=\"caption-attachment-3930\" style=\"width: 300px\" class=\"wp-caption alignright\"><a href=\"http:\/\/www.itkommando.hu\/site\/wp-content\/uploads\/elavult_info_facebook.png\"><img loading=\"lazy\" decoding=\"async\" class=\"size-medium wp-image-3930\" src=\"http:\/\/www.itkommando.hu\/site\/wp-content\/uploads\/elavult_info_facebook-300x169.png\" alt=\"P\u00e9lda elavult inform\u00e1ci\u00f3ra a facebookon\" width=\"300\" height=\"169\" srcset=\"https:\/\/www.itkommando.hu\/site\/wp-content\/uploads\/elavult_info_facebook-300x169.png 300w, https:\/\/www.itkommando.hu\/site\/wp-content\/uploads\/elavult_info_facebook-100x56.png 100w, https:\/\/www.itkommando.hu\/site\/wp-content\/uploads\/elavult_info_facebook-150x84.png 150w, https:\/\/www.itkommando.hu\/site\/wp-content\/uploads\/elavult_info_facebook-200x112.png 200w, https:\/\/www.itkommando.hu\/site\/wp-content\/uploads\/elavult_info_facebook-450x253.png 450w, https:\/\/www.itkommando.hu\/site\/wp-content\/uploads\/elavult_info_facebook.png 600w\" sizes=\"auto, (max-width: 300px) 100vw, 300px\" \/><\/a><figcaption id=\"caption-attachment-3930\" class=\"wp-caption-text\">A Facebookon a frissen megosztott elavult inform\u00e1ci\u00f3 is aktu\u00e1lisnak t\u0171nik<\/figcaption><\/figure>\n<p>Ez a bejegyz\u00e9s m\u00e1r probl\u00e9m\u00e1sabb (csak, hogy az \u00e1llatv\u00e9delemn\u00e9l maradjunk). A k\u00e9p d\u00e1tuma az egyetlen, ami el\u00e1rulja, hogy r\u00e9gi bejegyz\u00e9sr\u0151l van sz\u00f3. Ha valaki megosztja, az ismer\u0151seinek a mai d\u00e1tummal fog megjelenni, teh\u00e1t \u00fagy t\u0171nik, mintha aktu\u00e1lis lenne.<\/p>\n<p>Ez egy cuki \u00e1llatos k\u00e9pekn\u00e9l nem nagy probl\u00e9ma, azonban \u00e9vek \u00f3ta keringenek\u00a0 posztok, amelyek r\u00e1kos kisgyereknek, illetve sz\u00e9p arc\u00fa fiatal h\u00f6lgynek k\u00e9rnek ir\u00e1ny\u00edtott v\u00e9rad\u00e1st. A v\u00e9rad\u00e1sos posztok k\u00f6z\u00f6tt volt olyan is, ami stock fot\u00f3val volt illusztr\u00e1lva.<\/p>\n<p>Sajnos ha egy poszt aktualit\u00e1s\u00e1r\u00f3l, val\u00f3s\u00e1gtartalm\u00e1r\u00f3l nem vagyunk m\u00e1s forr\u00e1sb\u00f3l meggy\u0151z\u0151dve, az egyetlen \u00e9szszer\u0171 v\u00e1laszt\u00e1s, ha nem osztjuk tov\u00e1bb. Ez els\u0151 r\u00e1n\u00e9z\u00e9sre kegyetlens\u00e9gnek hangzik, azonban nagyon is \u00e9szszer\u0171.<\/p>\n<p>N\u00e9zz\u00fcnk egy olyan esetet (ami konkr\u00e9tan ennek a cikknek a meg\u00edr\u00e1s\u00e1t ihlette), amikor egy k\u00e9pet azzal a sz\u00f6veggel osztanak meg, hogy vigy\u00e1zz! pedofil\/csal\u00f3\/er\u0151szaktev\u0151 (a nem k\u00edv\u00e1nt r\u00e9sz t\u00f6rlend\u0151, a sor folytathat\u00f3). Ezek az \u00e1ll\u00edt\u00e1sok m\u00e1r sokkal s\u00falyosabb meg\u00edt\u00e9l\u00e9s al\u00e1 esnek. A legt\u00f6bb esetben az egyszeri h\u00edrfogyaszt\u00f3nak az \u00e1ll\u00edt\u00e1s val\u00f3s\u00e1gtartalm\u00e1t sincs lehet\u0151s\u00e9ge ellen\u0151rizni. Ha az el\u0151z\u0151 megoszt\u00f3 \u00edt\u00e9let\u00e9re hagyatkozva az ember tov\u00e1bb osztja az \u00e1ll\u00edt\u00e1st, sok szab\u00e1lyt megszeg. Az egyik az \u00e1rtatlans\u00e1g v\u00e9lelm\u00e9hez val\u00f3 jog.<\/p>\n<p>Logikusan v\u00e9giggondolva egy ilyen k\u00e9p elindul\u00e1s\u00e1nak sok oka lehet:<\/p>\n<ol>\n<li>Valaki t\u00e9nyleg b\u0171n\u00f6snek gondolja a k\u00e9pen l\u00e1that\u00f3 szem\u00e9lyt<\/li>\n<li>Rossz tr\u00e9fa<\/li>\n<li>T\u00e9ved\u00e9s<\/li>\n<\/ol>\n<p>Ha a b\u00edr\u00f3s\u00e1g nem mondta ki az illet\u0151 b\u0171n\u00f6ss\u00e9g\u00e9t, akkor a k\u00e9p terjeszt\u00e9se s\u00e9rti az illet\u0151 \u00e1rtatlans\u00e1g v\u00e9lelm\u00e9hez f\u0171z\u0151d\u0151 jog\u00e1t.<br \/>Ha kimondta, akkor (rem\u00e9lhet\u0151leg) az illet\u0151nek nincs m\u00f3dj\u00e1ban a b\u0171nism\u00e9tl\u00e9s.<\/p>\n<p>Egy rossz tr\u00e9f\u00e1t\u00f3l jobb t\u00e1vol maradni!<\/p>\n<p>Ha az inform\u00e1ci\u00f3 egy t\u00e9ved\u00e9sen alapul, ism\u00e9t nem c\u00e9lszer\u0171 terjeszteni azt.<\/p>\n<p>A r\u00f6vid \u00f6sszefoglal\u00e1s ugyanaz, mint az e-mailek eset\u00e9n: Ha egy poszt arra sz\u00f3l\u00edt fel, hogy oszd meg, az a legjobb indok arra, hogy ezt ne tedd!<\/p>\n<h3>Kapcsol\u00f3d\u00f3 cikkek:<\/h3>\n<ul>\n<li class=\"post-title\"><a href=\"http:\/\/www.itkommando.hu\/site\/a_halozat_szolgalataban\/tanulmanyok\/gondolatok-az-internetes-labnyomrol\/\">Gondolatok az internetes l\u00e1bnyomr\u00f3l<\/a><\/li>\n<li class=\"entry-title post-title\"><a href=\"http:\/\/www.itkommando.hu\/site\/a_halozat_szolgalataban\/tanulmanyok\/az-informatikai-eszkozok-a-tanulasban\/\">Az informatikai eszk\u00f6z\u00f6k a tanul\u00e1sban<\/a><\/li>\n<li class=\"post-title\"><a href=\"http:\/\/www.itkommando.hu\/site\/a_halozat_szolgalataban\/tanulmanyok\/a-felhoben-tarolt-adatokrol\/\">A \u201efelh\u0151ben\u201d t\u00e1rolt adatokr\u00f3l<\/a><\/li>\n<\/ul>\n\n\n<p><\/p>\n","protected":false},"excerpt":{"rendered":"<p>A Facebook szinte teljesen \u00e1tvette a bolt el\u0151tti, a posta bej\u00e1rata melletti inform\u00e1ci\u00f3cser\u00e9k hely\u00e9t. Egyre gyakrabban tal\u00e1lunk rajta fontos inform\u00e1ci\u00f3kat is. Na ezt az utols\u00f3 \u00e1ll\u00edt\u00e1st vizsg\u00e1ljuk meg ism\u00e9t: A&hellip;<a href=\"https:\/\/www.itkommando.hu\/site\/a-facebookon-megosztott-tartalmak\/\" class=\"more-link\"><span class=\"more-button\">Tov\u00e1bb a r\u00e9szletekre<span class=\"screen-reader-text\">A Facebookon megosztott tartalmak<\/span><\/span><\/a><\/p>\n","protected":false},"author":1,"featured_media":3930,"parent":0,"menu_order":0,"comment_status":"closed","ping_status":"closed","template":"","meta":{"footnotes":""},"categories":[14,16],"tags":[],"class_list":["post-3929","page","type-page","status-publish","has-post-thumbnail","hentry","category-biztonsag","category-tanacsok"],"aioseo_notices":[],"_links":{"self":[{"href":"https:\/\/www.itkommando.hu\/site\/wp-json\/wp\/v2\/pages\/3929","targetHints":{"allow":["GET"]}}],"collection":[{"href":"https:\/\/www.itkommando.hu\/site\/wp-json\/wp\/v2\/pages"}],"about":[{"href":"https:\/\/www.itkommando.hu\/site\/wp-json\/wp\/v2\/types\/page"}],"author":[{"embeddable":true,"href":"https:\/\/www.itkommando.hu\/site\/wp-json\/wp\/v2\/users\/1"}],"replies":[{"embeddable":true,"href":"https:\/\/www.itkommando.hu\/site\/wp-json\/wp\/v2\/comments?post=3929"}],"version-history":[{"count":6,"href":"https:\/\/www.itkommando.hu\/site\/wp-json\/wp\/v2\/pages\/3929\/revisions"}],"predecessor-version":[{"id":5307,"href":"https:\/\/www.itkommando.hu\/site\/wp-json\/wp\/v2\/pages\/3929\/revisions\/5307"}],"wp:featuredmedia":[{"embeddable":true,"href":"https:\/\/www.itkommando.hu\/site\/wp-json\/wp\/v2\/media\/3930"}],"wp:attachment":[{"href":"https:\/\/www.itkommando.hu\/site\/wp-json\/wp\/v2\/media?parent=3929"}],"wp:term":[{"taxonomy":"category","embeddable":true,"href":"https:\/\/www.itkommando.hu\/site\/wp-json\/wp\/v2\/categories?post=3929"},{"taxonomy":"post_tag","embeddable":true,"href":"https:\/\/www.itkommando.hu\/site\/wp-json\/wp\/v2\/tags?post=3929"}],"curies":[{"name":"wp","href":"https:\/\/api.w.org\/{rel}","templated":true}]}}