{"id":4082,"date":"2017-07-17T08:24:15","date_gmt":"2017-07-17T07:24:15","guid":{"rendered":"http:\/\/www.itkommando.hu\/site\/?page_id=4082"},"modified":"2021-07-20T07:00:29","modified_gmt":"2021-07-20T06:00:29","slug":"mikor-jo-hasznalt-szamitogepet-venni","status":"publish","type":"page","link":"https:\/\/www.itkommando.hu\/site\/a_halozat_szolgalataban\/tanulmanyok\/javaslatok\/mikor-jo-hasznalt-szamitogepet-venni\/","title":{"rendered":"Mikor c\u00e9lszer\u0171 haszn\u00e1lt sz\u00e1m\u00edt\u00f3g\u00e9pet venni?"},"content":{"rendered":"<p>A haszn\u00e1lt sz\u00e1m\u00edt\u00f3g\u00e9pek olyan sz\u00e1m\u00edt\u00f3g\u00e9pek, amelyeket egy m\u00e1sik v\u00e1llalkoz\u00e1s m\u00e1r leselejtezett, mert az ott felmer\u00fcl\u0151 feladatokra m\u00e1r nem feleltek meg, de m\u00e9g teljesen \u00fczeml\u00e9pesek gyakran szinte \u00fajszer\u0171ek (esetleg soha be nem kapcsolt tartal\u00e9kk\u00e9nt szolg\u00e1ltak). <a href=\"http:\/\/www.itkommando.hu\/site\/a_halozat_szolgalataban\/tanulmanyok\/javaslatok\/munka-hasznalt-mini-szamitogepekkel\/\">El\u0151z\u0151 cikk\u00fcnkben<\/a> egy konkr\u00e9t esetet vett\u00fcnk v\u00e9gig.<\/p>\n<p>Ezek nagy \u00e9rt\u00e9k\u0171, m\u00e1rk\u00e1s sz\u00e1m\u00edt\u00f3g\u00e9pek a legnevesebb gy\u00e1rt\u00f3kt\u00f3l:<\/p>\n<ul>\n<li>HP<\/li>\n<li>Dell<\/li>\n<li>Lenovo<\/li>\n<li>Fujitsu<\/li>\n<\/ul>\n<figure style=\"width: 320px\" class=\"wp-caption alignright\"><a href=\"https:\/\/upload.wikimedia.org\/wikipedia\/commons\/thumb\/f\/f5\/Dell_OptiPlex_behind_TFT_screen.jpg\/1024px-Dell_OptiPlex_behind_TFT_screen.jpg\"><img loading=\"lazy\" decoding=\"async\" class=\"size-medium\" src=\"https:\/\/upload.wikimedia.org\/wikipedia\/commons\/thumb\/f\/f5\/Dell_OptiPlex_behind_TFT_screen.jpg\/320px-Dell_OptiPlex_behind_TFT_screen.jpg\" alt=\"Haszn\u00e1lt sz\u00e1m\u00edt\u00f3g\u00e9p monitorral\" width=\"320\" height=\"213\" \/><\/a><figcaption class=\"wp-caption-text\">Ak\u00e1r a monitor is lehet haszn\u00e1lt. Nem l\u00e1tszik rajta, hogy a n\u00e9h\u00e1ny haszn\u00e1lati nyomot m\u00e1shol szedte \u00f6ssze<\/figcaption><\/figure>\n<p>Tipikusan a gy\u00e1rt\u00f3k fels\u0151-kateg\u00f3ri\u00e1s, ipari min\u0151s\u00e9g\u0171 term\u00e9kei. Ez megl\u00e1tszik a felhaszn\u00e1lt anyagokon, a kidolgoz\u00e1son, valamint azon, hogy p\u00e1r \u00e9v haszn\u00e1lat szinte nyom n\u00e9lk\u00fcl m\u00falik el felett\u00fck.<\/p>\n<p>Term\u00e9szetesen nagy teljes\u00edtm\u00e9ny\u0171 (CAD, FPS j\u00e1t\u00e9k) feladatokra korl\u00e1tozottan alkalmasak, mert ha nem is olyan gyorsan, mint a 90-es \u00e9vek m\u00e1sodik fel\u00e9ben, de a j\u00e1t\u00e9kok teljes\u00edtm\u00e9nyig\u00e9nye kiad\u00e1sr\u00f3l kiad\u00e1sra emelkedik. Egy p\u00e1r \u00e9ves sz\u00e1m\u00edt\u00f3g\u00e9p nem felt\u00e9tlen\u00fcl felel meg a leg\u00fajabb elv\u00e1r\u00e1soknak.<\/p>\n<p>Az irodai feladatok eset\u00e9n a teljes\u00edtm\u00e9ny ig\u00e9ny k\u00f6zel sem kiemelked\u0151, a megb\u00edzhat\u00f3s\u00e1g, massz\u00edvs\u00e1g sokkal fontosabb.<\/p>\n<p>Egy m\u00e1rk\u00e1s sz\u00e1m\u00edt\u00f3g\u00e9p ak\u00e1r 10-12 kg is lehet, ami a be\u00e9p\u00edtett nagyobb anyagmennyis\u00e9get jelzi. Az als\u00f3 kateg\u00f3ri\u00e1s sz\u00e1m\u00edt\u00f3g\u00e9pek enn\u00e9l k\u00f6nnyebbek. A kisebb s\u00faly kev\u00e9sb\u00e9 merev fel\u00e9p\u00edt\u00e9st sejtet, ami adott esetben kontakthib\u00e1khoz, beazonos\u00edtatlan lefagy\u00e1sokhoz, \u00fajraindul\u00e1sokhoz vezethet.<\/p>\n<h3>P\u00e9nz\u00fcgyi meggondol\u00e1sok<\/h3>\n<p>Term\u00e9szetesen p\u00e9nz\u00fcgyi \u00e9rvek is sz\u00f3lnak a haszn\u00e1lt sz\u00e1m\u00edt\u00f3g\u00e9pek mellet. Hozz\u00e1vet\u0151leg fele annyiba ker\u00fclnek, mint egy hasonl\u00f3 teljes\u00edtm\u00e9ny\u0171 \u00faj k\u00e9sz\u00fcl\u00e9k.<\/p>\n<p>Itt a teljes\u00edtm\u00e9nyt persze nem a processzorok t\u00edpusjel\u00e9nek \u00f6sszevet\u00e9s\u00e9vel lehet meg\u00edt\u00e9lni, hanem a nyers sz\u00e1m\u00edt\u00e1si teljes\u00edtm\u00e9nyek \u00f6sszevet\u00e9s\u00e9vel. J\u00f3 szolg\u00e1latot tesznek ebben a k\u00fcl\u00f6nb\u00f6z\u0151 <a href=\"http:\/\/cpuboss.com\/cpus\/Intel-Pentium-D-945-vs-Intel-Core-i3-540\">processzor \u00f6sszehasonl\u00edt\u00f3<\/a> oldalak. Itt gyorsan ellen\u0151rizni tudjuk, hogy a kin\u00e9zett processzor megfelel-e az elv\u00e1r\u00e1soknak. Egy oldal adataira soha ne alapozzuk a d\u00f6nt\u00e9s\u00fcnket, mert k\u00f6nnyen egy el\u00edr\u00e1s csapd\u00e1j\u00e1ban tal\u00e1ljuk magunkat.<\/p>\n<figure style=\"width: 450px\" class=\"wp-caption alignleft\"><img loading=\"lazy\" decoding=\"async\" class=\"size-medium\" src=\"https:\/\/hothardware.com\/articleimages\/Item1261\/NV_SFF_reference_hand_2.jpg\" width=\"450\" height=\"258\" \/><figcaption class=\"wp-caption-text\">Egy ekkora sz\u00e1m\u00edt\u00f3g\u00e9ppel jelent\u0151s helyet lehet az irod\u00e1ban megtakar\u00edtani, \u00e9s a fogyaszt\u00e1sa is kedvez\u0151. Haszn\u00e1ltan az \u00e1ra kimondottan alacsony.<\/figcaption><\/figure>\n<p>Ha az elfogyasztott villamos energia (villanysz\u00e1mla) vagy az informatika sz\u00e1m\u00e1ra rendelkez\u00e9sre \u00e1ll\u00f3 hely is sz\u00e1m\u00edt, akkor ker\u00fclnek a k\u00e9pbe a szupermini sz\u00e1m\u00edt\u00f3g\u00e9pek, amelyeknek a fogyaszt\u00e1sa \u00e9s meleged\u00e9se is egy notebook adataihoz van k\u00f6zel. Tipikusan notebookn\u00e1l haszn\u00e1lt elemekb\u0151l \u00e9p\u00fclnek fel, azonban asztali billenty\u0171zetet \u00e9s monitort haszn\u00e1lhatunk hozz\u00e1juk.<\/p>\n<p>Egy gazdas\u00e1gi szervezet \u00e9let\u00e9ben kev\u00e9sb\u00e9 l\u00e9nyeges, de a haszn\u00e1lt informatikai eszk\u00f6z\u00f6k megv\u00e1s\u00e1rl\u00e1s\u00e1val komoly k\u00f6rnyezetterhel\u00e9st\u0151l \u00f3vjuk meg a bolyg\u00f3t, mivel a selejtezett eszk\u00f6z\u00f6ket nem kell megsemmis\u00edteni, az \u00fajakat pedig nem kell legy\u00e1rtani. A k\u00f6rnyezetv\u00e9delem azonban egy c\u00e9gr\u0151l kialak\u00edtott k\u00e9pben igen fontos tud lenni.<\/p>\n<h3>Kapcsol\u00f3d\u00f3 cikkek<\/h3>\n<ul>\n<li><a href=\"http:\/\/www.itkommando.hu\/site\/a_halozat_szolgalataban\/tanulmanyok\/javaslatok\/munka-hasznalt-mini-szamitogepekkel\/\">Munka haszn\u00e1lt sz\u00e1m\u00edt\u00f3g\u00e9pekkel<\/a><\/li>\n<li><a href=\"http:\/\/www.itkommando.hu\/site\/a_halozat_szolgalataban\/tanulmanyok\/szamitogep-vasarlasa\/\">Sz\u00e1m\u00edt\u00f3g\u00e9p v\u00e1s\u00e1rl\u00e1sa<\/a><\/li>\n<li><a href=\"http:\/\/www.itkommando.hu\/site\/milyen-teljesitmenyu-szamitogepre-van-szuksegem\/\">Milyen sz\u00e1m\u00edt\u00f3g\u00e9pre van sz\u00fcks\u00e9gem?<\/a><\/li>\n<li><a href=\"http:\/\/www.itkommando.hu\/site\/leirasok\/kell-e-felni-a-linux-tol\/\">Kell-e f\u00e9lni a Linux-t\u00f3l?<\/a><\/li>\n<li><a href=\"http:\/\/www.itkommando.hu\/site\/leirasok\/egy-laptop-vasarlasi-kiserlet\/\">Egy notebook v\u00e1s\u00e1rl\u00e1si k\u00eds\u00e9rlet<\/a><\/li>\n<\/ul>\n","protected":false},"excerpt":{"rendered":"<p>A haszn\u00e1lt sz\u00e1m\u00edt\u00f3g\u00e9pek olyan sz\u00e1m\u00edt\u00f3g\u00e9pek, amelyeket egy m\u00e1sik v\u00e1llalkoz\u00e1s m\u00e1r leselejtezett, mert az ott felmer\u00fcl\u0151 feladatokra m\u00e1r nem feleltek meg, de m\u00e9g teljesen \u00fczeml\u00e9pesek gyakran szinte \u00fajszer\u0171ek (esetleg soha be&hellip;<a href=\"https:\/\/www.itkommando.hu\/site\/a_halozat_szolgalataban\/tanulmanyok\/javaslatok\/mikor-jo-hasznalt-szamitogepet-venni\/\" class=\"more-link\"><span class=\"more-button\">Tov\u00e1bb a r\u00e9szletekre<span class=\"screen-reader-text\">Mikor c\u00e9lszer\u0171 haszn\u00e1lt sz\u00e1m\u00edt\u00f3g\u00e9pet venni?<\/span><\/span><\/a><\/p>\n","protected":false},"author":1,"featured_media":4086,"parent":564,"menu_order":0,"comment_status":"closed","ping_status":"closed","template":"","meta":{"footnotes":""},"categories":[12,11,16],"tags":[],"class_list":["post-4082","page","type-page","status-publish","has-post-thumbnail","hentry","category-hardver","category-munkaallomas","category-tanacsok"],"aioseo_notices":[],"_links":{"self":[{"href":"https:\/\/www.itkommando.hu\/site\/wp-json\/wp\/v2\/pages\/4082","targetHints":{"allow":["GET"]}}],"collection":[{"href":"https:\/\/www.itkommando.hu\/site\/wp-json\/wp\/v2\/pages"}],"about":[{"href":"https:\/\/www.itkommando.hu\/site\/wp-json\/wp\/v2\/types\/page"}],"author":[{"embeddable":true,"href":"https:\/\/www.itkommando.hu\/site\/wp-json\/wp\/v2\/users\/1"}],"replies":[{"embeddable":true,"href":"https:\/\/www.itkommando.hu\/site\/wp-json\/wp\/v2\/comments?post=4082"}],"version-history":[{"count":8,"href":"https:\/\/www.itkommando.hu\/site\/wp-json\/wp\/v2\/pages\/4082\/revisions"}],"predecessor-version":[{"id":5641,"href":"https:\/\/www.itkommando.hu\/site\/wp-json\/wp\/v2\/pages\/4082\/revisions\/5641"}],"up":[{"embeddable":true,"href":"https:\/\/www.itkommando.hu\/site\/wp-json\/wp\/v2\/pages\/564"}],"wp:featuredmedia":[{"embeddable":true,"href":"https:\/\/www.itkommando.hu\/site\/wp-json\/wp\/v2\/media\/4086"}],"wp:attachment":[{"href":"https:\/\/www.itkommando.hu\/site\/wp-json\/wp\/v2\/media?parent=4082"}],"wp:term":[{"taxonomy":"category","embeddable":true,"href":"https:\/\/www.itkommando.hu\/site\/wp-json\/wp\/v2\/categories?post=4082"},{"taxonomy":"post_tag","embeddable":true,"href":"https:\/\/www.itkommando.hu\/site\/wp-json\/wp\/v2\/tags?post=4082"}],"curies":[{"name":"wp","href":"https:\/\/api.w.org\/{rel}","templated":true}]}}