{"id":4523,"date":"2020-07-09T19:23:25","date_gmt":"2020-07-09T18:23:25","guid":{"rendered":"https:\/\/www.itkommando.hu\/site\/?page_id=4523"},"modified":"2021-09-14T12:29:24","modified_gmt":"2021-09-14T11:29:24","slug":"vigyazzunk-gyermekeinkre","status":"publish","type":"page","link":"https:\/\/www.itkommando.hu\/site\/a_halozat_szolgalataban\/tanulmanyok\/vigyazzunk-gyermekeinkre\/","title":{"rendered":"Vigy\u00e1zzunk gyermekeinkre"},"content":{"rendered":"\n<p>Egy gyermek sz\u00fclet\u00e9se hatalmas \u00f6r\u00f6m egy csal\u00e1dban. Ezt az \u00f6r\u00f6m\u00f6t szeretn\u00e9nk min\u00e9l t\u00f6bb embert\u00e1rsunkkal megosztani. <br>Na itt \u00e1lljunk meg egy pillanatra: <br>&#8211; Kikkel?<br>&#8211; Mikor?<br>&#8211; Mi\u00e9rt?<\/p>\n\n\n\n<div class=\"wp-block-image\"><figure class=\"alignright size-large is-resized\"><img loading=\"lazy\" decoding=\"async\" src=\"https:\/\/www.itkommando.hu\/site\/wp-content\/uploads\/pxfuel.com_.jpg\" alt=\"\" class=\"wp-image-4526\" width=\"277\" height=\"208\" srcset=\"https:\/\/www.itkommando.hu\/site\/wp-content\/uploads\/pxfuel.com_.jpg 600w, https:\/\/www.itkommando.hu\/site\/wp-content\/uploads\/pxfuel.com_-300x225.jpg 300w, https:\/\/www.itkommando.hu\/site\/wp-content\/uploads\/pxfuel.com_-425x319.jpg 425w\" sizes=\"auto, (max-width: 277px) 100vw, 277px\" \/><\/figure><\/div>\n\n\n\n<p>Egy-egy bejegyz\u00e9s, ami egy kicsi gyerekkel kapcsolatban vicces, kedves, aranyos, cukimuki, p\u00e1r \u00e9v m\u00falva kellemetlen lehet, teh\u00e1t ha tehetj\u00fck, ezeket az \u00e9lm\u00e9nyeket szem\u00e9lyesen osszuk meg a csal\u00e1ddal \u00e9s\/vagy bar\u00e1tainkkal. A k\u00fcl\u00f6nb\u00f6z\u0151 k\u00f6z\u00f6ss\u00e9gi \u00e9s k\u00e9pmegoszt\u00f3 oldalakon legy\u00fcnk nagyon k\u00f6r\u00fcltekint\u0151ek! <br>A sztorik is tartalmazhatnak olyan r\u00e9szleteket, amelyeket jobb nem megosztani, illetve a j\u00f6v\u0151ben a meg\u00edt\u00e9l\u00e9se megv\u00e1ltozhat. Ez az\u00e9rt kellemetlen, mert a gyermeknek a most megosztott bejegyz\u00e9ssel kell egy\u00fctt \u00e9lnie, ak\u00e1r \u00fagy, hogy annak meg\u00edt\u00e9l\u00e9se az id\u0151k folyam\u00e1n v\u00e1ltozik.<\/p>\n\n\n\n<div class=\"wp-block-image\"><figure class=\"alignright size-large is-resized\"><img loading=\"lazy\" decoding=\"async\" src=\"https:\/\/www.itkommando.hu\/site\/wp-content\/uploads\/baby-family-love-birth-preview.jpg\" alt=\"\" class=\"wp-image-4525\" width=\"270\" height=\"216\" srcset=\"https:\/\/www.itkommando.hu\/site\/wp-content\/uploads\/baby-family-love-birth-preview.jpg 600w, https:\/\/www.itkommando.hu\/site\/wp-content\/uploads\/baby-family-love-birth-preview-300x240.jpg 300w, https:\/\/www.itkommando.hu\/site\/wp-content\/uploads\/baby-family-love-birth-preview-425x340.jpg 425w\" sizes=\"auto, (max-width: 270px) 100vw, 270px\" \/><\/figure><\/div>\n\n\n\n<p>Egy ilyen (m\u00e9g pap\u00edr alap\u00fa k\u00e9ppel t\u00f6rt\u00e9nt) eset Brooke Shields &#8222;n\u0151 a l\u00e1nyban&#8221; fot\u00f3sorozata, amikor a kisl\u00e1nyt 10 \u00e9ves kor\u00e1ban fot\u00f3zt\u00e1k meztelen\u00fcl, mintha n\u0151 lenne (kisminkelve, olajozott testtel). Amikor a k\u00e9psorozat elk\u00e9sz\u00fclt, teljesen elfogadott, tal\u00e1n \u00fcnnepelt m\u0171 volt. 2009-ben a Tate Modern m\u00fazeumnak el kellet t\u00fcntetnie a ki\u00e1ll\u00edt\u00f3t\u00e9rb\u0151l. Ezt a p\u00e9ld\u00e1t annak az illusztr\u00e1l\u00e1s\u00e1ra hoztam fel, hogy mennyire meg tud v\u00e1ltozni egy fot\u00f3 (sorozat) meg\u00edt\u00e9l\u00e9se. <\/p>\n\n\n\n<h2 class=\"wp-block-heading\">Amikor a gyermek m\u00e1r nagyobb<\/h2>\n\n\n\n<div class=\"wp-block-image\"><figure class=\"alignright size-large is-resized\"><img loading=\"lazy\" decoding=\"async\" src=\"https:\/\/www.itkommando.hu\/site\/wp-content\/uploads\/eames-chairs-670286_640.jpg\" alt=\"\" class=\"wp-image-4531\" width=\"278\" height=\"185\" srcset=\"https:\/\/www.itkommando.hu\/site\/wp-content\/uploads\/eames-chairs-670286_640.jpg 640w, https:\/\/www.itkommando.hu\/site\/wp-content\/uploads\/eames-chairs-670286_640-300x200.jpg 300w, https:\/\/www.itkommando.hu\/site\/wp-content\/uploads\/eames-chairs-670286_640-425x283.jpg 425w\" sizes=\"auto, (max-width: 278px) 100vw, 278px\" \/><figcaption>A k\u00e9pen l\u00e1tszanak az \u00e9rt\u00e9kes b\u00fatorok \u00e9s festm\u00e9nyek<\/figcaption><\/figure><\/div>\n\n\n\n<p>Az Internethaszn\u00e1lat tan\u00edt\u00e1sakor hatalmas hangs\u00falyt kell adni annak, hogy a lakc\u00edmet, telefonsz\u00e1mot, fot\u00f3kat, egy\u00e9b adatokat kikkel lehet megosztani. Manaps\u00e1g a pedof\u00edli\u00e1ra hivatkozva szokt\u00e1k ezt indokolni, azonban egy &#8222;rendes k\u00f6rnyezetvizsg\u00e1lat&#8221; sok b\u0171ncselekm\u00e9ny el\u0151k\u00e9sz\u00edt\u0151 l\u00e9p\u00e9se. Tan\u00edtsuk meg gyermekeinknek az Internet biztons\u00e1gos haszn\u00e1lat\u00e1t. \u00c9rt\u00e9kt\u00e1rgyakr\u00f3l, szobabels\u0151r\u0151l, bar\u00e1tokr\u00f3l &#8222;ciki&#8221; vagy vicces helyzetben senkivel nem osztunk meg k\u00e9peket. A <em>most indulunk nyaralni<\/em> t\u00edpus\u00fa bejegyz\u00e9sek sem felt\u00e9tlen\u00fcl csak azokhoz jut el, akiknek sz\u00e1ntuk. N\u00e9h\u00e1nyan azt a k\u00f6vetkeztet\u00e9st is levonhatj\u00e1k, hogy \u00fcres a lak\u00e1s, lehet bet\u00f6rni. A felsorol\u00e1s term\u00e9szetesen nem teljes, mindenki \u00e1ll\u00edtsa \u00f6ssze a saj\u00e1t list\u00e1j\u00e1t<\/p>\n\n\n\n<h2 class=\"wp-block-heading\">A tizen\u00e9vesek k\u00f6z\u00f6tt sajnos gyakori a cyberbulling<\/h2>\n\n\n\n<p>A cyberbulling viszonylag \u00faj jelens\u00e9g (hiszen az internet t\u00f6meges elterjed\u00e9se tette lehet\u0151v\u00e9), a kicsit t\u00f6bb b\u00e1tors\u00e1got k\u00f6vetel\u0151, internet el\u0151tti megfelel\u0151je az volt, amikor az oszt\u00e1ly n\u00e9h\u00e1ny, mag\u00e1t er\u0151snek gondol\u00f3 tagja odament egy gyeng\u00e9bbhez, \u00e9s j\u00f3l elkalap\u00e1lta.<\/p>\n\n\n\n<div class=\"wp-block-image\"><figure class=\"alignright size-large is-resized\"><img loading=\"lazy\" decoding=\"async\" src=\"https:\/\/upload.wikimedia.org\/wikipedia\/commons\/1\/15\/Cyberbullied.jpg\" alt=\"\" width=\"300\" height=\"184\"\/><\/figure><\/div>\n\n\n\n<p>A cyberbulling enn\u00e9l nehezebben megfoghat\u00f3 fogalom. Ilyenkor interneten (k\u00f6z\u00f6ss\u00e9gi oldalon, e-mailban) zaklatj\u00e1k a kiszemeltet. Ez olyan m\u00e9retet k\u00e9pes \u00f6lteni, hogy a kiszemelt \u00e1ldozatot ak\u00e1r <a href=\"https:\/\/www.life.hu\/eletmod\/20160914-internetes-zaklatas-cyberbullying-harom-tragikus-tortenet.html\" target=\"_blank\" rel=\"noreferrer noopener\">\u00f6ngyilkoss\u00e1gba is kergethetik<\/a>. Sajnos az elk\u00f6vet\u0151k gyakran nem fogj\u00e1k fel, hogy mit csin\u00e1lnak, egyszer\u0171 cs\u00ednyt, j\u00f3 po\u00e9nt l\u00e1tnak benne, m\u00edg az \u00e1ldozatban \u00e9ppen olyan m\u00e9ly sebeket ejt, mintha val\u00f3ban vern\u00e9k.<br>Itt a feln\u0151tteknek k\u00e9t ir\u00e1ny\u00fa felel\u0151ss\u00e9ge van:<br>&#8211; Meg kell \u00e9rtetni a fiatalokkal, hogy m\u00e1sok (on-line) zaklat\u00e1sa nem &#8222;j\u00f3 buli&#8221;, hanem \u00e9pp olyan s\u00falyos tett, mintha szemt\u0151l-szembe tenn\u00e9 (tal\u00e1n m\u00e9g s\u00falyosabb is).<br>&#8211; Olyan l\u00e9gk\u00f6rt kell ki\u00e9p\u00edteni, hogy ha a fiatalt elkezdik zaklatni, akkor is merjen seg\u00edts\u00e9get k\u00e9rni, ha a zaklat\u00e1s esetleg zsarol\u00e1ssal is meg van f\u0171szerezve, illetve a zaklat\u00f3kat tiltsa le, tegye tilt\u00f3list\u00e1ra.<br>E sorok \u00edr\u00f3ja egyszer nyilv\u00e1noss\u00e1gra hozott egy f\u00e9nyk\u00e9pet a kuty\u00e1j\u00e1r\u00f3l. N\u00e9h\u00e1nyan \u00fagy gondolt\u00e1k, hogy a boldog kutya a k\u00f6v\u00e9r kutya. K\u00e9t bejelentkez\u00e9s k\u00f6z\u00f6tt feldolgozhatatlan mennyis\u00e9g\u0171 \u00fczenetet kaptam, hogy hizlaljam meg a kuty\u00e1imat. Eleinte megpr\u00f3b\u00e1ltam v\u00e1laszolni, hogy orvosi fel\u00fcgyelet \u00e1llnak, a s\u00falyukat is az \u0151 tan\u00e1csai szerint \u00e1ll\u00edtjuk be&#8230; Azt\u00e1n, amikor l\u00e1ttam, hogy ez nem megold\u00e1s, egyszer\u0171en letiltottam a &#8222;t\u00e1mad\u00f3kat&#8221;. \u00c9rdekes volt, hogy egy h\u00f6lggyel sz\u00f3lalkoztam \u00f6ssze a t\u00e9m\u00e1ban, \u00e9s v\u00e9g\u00fcl t\u00f6bb, mint 110 azonos\u00edt\u00f3t sz\u00e1moltam \u00f6ssze a tilt\u00f3list\u00e1mon. \u00d6sszess\u00e9g\u00e9ben ez feln\u0151ttk\u00e9nt sem volt k\u00f6nnyen feldolgozhat\u00f3, de kell\u0151 t\u00e1masszal a dologgal meg lehet birk\u00f3zni. Ez az eset is mutatja, hogy egy-egy cyberbulling akci\u00f3ban jelent\u0151sen t\u00f6bben vehetnek r\u00e9szt, mint egy szem\u00e9lyes zaklat\u00e1s eset\u00e9n.<br><\/p>\n\n\n\n<h2 class=\"wp-block-heading\">Kapcsol\u00f3d\u00f3 cikkek<\/h2>\n\n\n\n<p><a href=\"https:\/\/www.itkommando.hu\/site\/a_halozat_szolgalataban\/tanulmanyok\/nevtelenul-a-neten\/\" title=\"N\u00e9vtelen\u00fcl a neten\"><\/a><a href=\"https:\/\/www.itkommando.hu\/site\/a_halozat_szolgalataban\/tanulmanyok\/nevtelenul-a-neten\/\" title=\"N\u00e9vtelen\u00fcl a neten\">N\u00e9vtelen\u00fcl a neten<\/a><br><a href=\"https:\/\/www.itkommando.hu\/site\/a_halozat_szolgalataban\/tanulmanyok\/nevtelenul-a-neten2\/\" title=\"N\u00e9vtelen\u00fcl a neten 2.\">N\u00e9vtelen\u00fcl a neten 2<\/a><\/p>\n\n\n\n<p><\/p>\n","protected":false},"excerpt":{"rendered":"<p>Egy gyermek sz\u00fclet\u00e9se hatalmas \u00f6r\u00f6m egy csal\u00e1dban. Ezt az \u00f6r\u00f6m\u00f6t szeretn\u00e9nk min\u00e9l t\u00f6bb embert\u00e1rsunkkal megosztani. Na itt \u00e1lljunk meg egy pillanatra: &#8211; Kikkel?&#8211; Mikor?&#8211; Mi\u00e9rt? Egy-egy bejegyz\u00e9s, ami egy kicsi&hellip;<a href=\"https:\/\/www.itkommando.hu\/site\/a_halozat_szolgalataban\/tanulmanyok\/vigyazzunk-gyermekeinkre\/\" class=\"more-link\"><span class=\"more-button\">Tov\u00e1bb a r\u00e9szletekre<span class=\"screen-reader-text\">Vigy\u00e1zzunk gyermekeinkre<\/span><\/span><\/a><\/p>\n","protected":false},"author":1,"featured_media":4527,"parent":397,"menu_order":0,"comment_status":"closed","ping_status":"closed","template":"","meta":{"footnotes":""},"categories":[14,89,16],"tags":[],"class_list":["post-4523","page","type-page","status-publish","has-post-thumbnail","hentry","category-biztonsag","category-felhasznaloknak","category-tanacsok"],"aioseo_notices":[],"_links":{"self":[{"href":"https:\/\/www.itkommando.hu\/site\/wp-json\/wp\/v2\/pages\/4523","targetHints":{"allow":["GET"]}}],"collection":[{"href":"https:\/\/www.itkommando.hu\/site\/wp-json\/wp\/v2\/pages"}],"about":[{"href":"https:\/\/www.itkommando.hu\/site\/wp-json\/wp\/v2\/types\/page"}],"author":[{"embeddable":true,"href":"https:\/\/www.itkommando.hu\/site\/wp-json\/wp\/v2\/users\/1"}],"replies":[{"embeddable":true,"href":"https:\/\/www.itkommando.hu\/site\/wp-json\/wp\/v2\/comments?post=4523"}],"version-history":[{"count":6,"href":"https:\/\/www.itkommando.hu\/site\/wp-json\/wp\/v2\/pages\/4523\/revisions"}],"predecessor-version":[{"id":5714,"href":"https:\/\/www.itkommando.hu\/site\/wp-json\/wp\/v2\/pages\/4523\/revisions\/5714"}],"up":[{"embeddable":true,"href":"https:\/\/www.itkommando.hu\/site\/wp-json\/wp\/v2\/pages\/397"}],"wp:featuredmedia":[{"embeddable":true,"href":"https:\/\/www.itkommando.hu\/site\/wp-json\/wp\/v2\/media\/4527"}],"wp:attachment":[{"href":"https:\/\/www.itkommando.hu\/site\/wp-json\/wp\/v2\/media?parent=4523"}],"wp:term":[{"taxonomy":"category","embeddable":true,"href":"https:\/\/www.itkommando.hu\/site\/wp-json\/wp\/v2\/categories?post=4523"},{"taxonomy":"post_tag","embeddable":true,"href":"https:\/\/www.itkommando.hu\/site\/wp-json\/wp\/v2\/tags?post=4523"}],"curies":[{"name":"wp","href":"https:\/\/api.w.org\/{rel}","templated":true}]}}